{"id":6533,"date":"2021-08-11T14:50:22","date_gmt":"2021-08-11T14:50:22","guid":{"rendered":"https:\/\/e-cosmeticos.com\/?post_type=product&#038;p=6533"},"modified":"2025-11-02T22:31:27","modified_gmt":"2025-11-03T01:31:27","slug":"femini-tritherapia-capilar-1l","status":"publish","type":"product","link":"https:\/\/e-cosmeticos.com\/fr\/produit\/femini-tritherapia-capilar-1l\/","title":{"rendered":"Trith\u00e9rapie capillaire f\u00e9minine 1L"},"content":{"rendered":"","protected":false},"excerpt":{"rendered":"<p>Gr\u00e2ce \u00e0 un extrait actif d&#039;acides nucl\u00e9iques (ADN), d&#039;acides amin\u00e9s et de peptides issus du gluten de bl\u00e9 et du soja, associ\u00e9 \u00e0 du th\u00e9 vert, du panth\u00e9nol et du xylitol, Tritherapia Capillar aligne et forme un film biopolym\u00e8re protecteur, flexible et durable, prot\u00e9geant les cheveux des agressions ext\u00e9rieures et augmentant significativement la coh\u00e9sion des fibres capillaires.<\/p>","protected":false},"featured_media":6532,"comment_status":"open","ping_status":"closed","template":"","meta":[],"product_brand":[],"product_cat":[623,491],"product_tag":[],"class_list":{"0":"post-6533","1":"product","2":"type-product","3":"status-publish","4":"has-post-thumbnail","6":"product_cat-hair","7":"product_cat-smoothing","9":"first","10":"instock","11":"taxable","12":"shipping-taxable","13":"purchasable","14":"product-type-simple"},"_links":{"self":[{"href":"https:\/\/e-cosmeticos.com\/fr\/wp-json\/wp\/v2\/product\/6533","targetHints":{"allow":["GET"]}}],"collection":[{"href":"https:\/\/e-cosmeticos.com\/fr\/wp-json\/wp\/v2\/product"}],"about":[{"href":"https:\/\/e-cosmeticos.com\/fr\/wp-json\/wp\/v2\/types\/product"}],"replies":[{"embeddable":true,"href":"https:\/\/e-cosmeticos.com\/fr\/wp-json\/wp\/v2\/comments?post=6533"}],"wp:featuredmedia":[{"embeddable":true,"href":"https:\/\/e-cosmeticos.com\/fr\/wp-json\/wp\/v2\/media\/6532"}],"wp:attachment":[{"href":"https:\/\/e-cosmeticos.com\/fr\/wp-json\/wp\/v2\/media?parent=6533"}],"wp:term":[{"taxonomy":"product_brand","embeddable":true,"href":"https:\/\/e-cosmeticos.com\/fr\/wp-json\/wp\/v2\/product_brand?post=6533"},{"taxonomy":"product_cat","embeddable":true,"href":"https:\/\/e-cosmeticos.com\/fr\/wp-json\/wp\/v2\/product_cat?post=6533"},{"taxonomy":"product_tag","embeddable":true,"href":"https:\/\/e-cosmeticos.com\/fr\/wp-json\/wp\/v2\/product_tag?post=6533"}],"curies":[{"name":"wp","href":"https:\/\/api.w.org\/{rel}","templated":true}]}}